{"id":26772,"date":"2026-04-29T16:19:27","date_gmt":"2026-04-29T21:19:27","guid":{"rendered":"https:\/\/avinmobiliaria.com\/?post_type=estate_property&#038;p=26772"},"modified":"2026-04-29T16:19:27","modified_gmt":"2026-04-29T21:19:27","slug":"apartamento-en-arriendo-barrio-blanco-cucuta-3-habitaciones-balcon-1501","status":"publish","type":"estate_property","link":"https:\/\/avinmobiliaria.com\/en\/propiedades\/apartamento-en-arriendo-barrio-blanco-cucuta-3-habitaciones-balcon-1501\/","title":{"rendered":"Apartamento en Arriendo \u2013 Barrio Blanco | COD 1501"},"content":{"rendered":"<p><span data-sheets-root=\"1\">\ud83c\udfe1\u2728 Espacios amplios, acabados modernos y excelente ubicaci\u00f3n en un solo lugar.<br \/>\nEste hermoso apartamento es ideal para quienes buscan comodidad y funcionalidad en su d\u00eda a d\u00eda:<\/span><\/p>\n<p>\ud83d\udcd0 \u00c1rea: 90.55 m\u00b2<br \/>\n\ud83d\udecf\ufe0f 3 habitaciones con cl\u00f3set<br \/>\n\ud83d\udebf 2 ba\u00f1os auxiliares + ba\u00f1o privado en la principal<br \/>\n\ud83d\udecb\ufe0f Sala comedor amplia con acabados en porcelanato<br \/>\n\ud83c\udf05 Balc\u00f3n<br \/>\n\ud83c\udf73 Cocina integral con mes\u00f3n en granito, horno y campana<br \/>\n\ud83e\uddfa Zona de ropas independiente<br \/>\n\ud83d\ude97 Parqueadero privado<\/p>\n<p>\ud83c\udfe2 Edificio con vigilancia para mayor seguridad<\/p>\n<p>\ud83d\udccd Ubicado en Barrio Blanco, una zona estrat\u00e9gica de la ciudad con f\u00e1cil acceso a todo lo que necesitas.<\/p>\n<p>\ud83d\udcb0Canon de arriendo: $1.600.000<br \/>\nUn apartamento moderno, c\u00f3modo y listo para que lo hagas tu nuevo hogar \ud83d\udc9b<\/p>\n<p>\ud83d\udcf2 Cont\u00e1ctanos y agenda tu visita: 322 392 5122<\/p>\n<p>&nbsp;<\/p>","protected":false},"excerpt":{"rendered":"<p>\ud83c\udfe1\u2728 Espacios amplios, acabados modernos y excelente ubicaci\u00f3n en un solo lugar. Este hermoso apartamento es ideal para quienes buscan comodidad y funcionalidad en su d\u00eda a d\u00eda: \ud83d\udcd0 \u00c1rea: 90.55 m\u00b2 \ud83d\udecf\ufe0f 3 habitaciones con cl\u00f3set \ud83d\udebf 2 ba\u00f1os auxiliares + ba\u00f1o privado en la principal \ud83d\udecb\ufe0f Sala comedor amplia con acabados en porcelanato \ud83c\udf05 Balc\u00f3n \ud83c\udf73 Cocina integral con mes\u00f3n en granito, &#8230;<\/p>","protected":false},"featured_media":26773,"comment_status":"open","ping_status":"closed","template":"","property_category":[28],"property_action_category":[27],"property_city":[74],"property_area":[85],"property_county_state":[82],"property_features":[],"property_status":[46],"class_list":["post-26772","estate_property","type-estate_property","status-publish","has-post-thumbnail","hentry","property_category-apartamento","property_action_category-arriendo","property_city-cucuta","property_area-barrio-blanco","property_county_state-colombia-norte-de-santander","property_status-nueva-oferta"],"yoast_head":"<!-- This site is optimized with the Yoast SEO plugin v25.7 - https:\/\/yoast.com\/wordpress\/plugins\/seo\/ -->\n<title>Apartamento en Arriendo en Barrio Blanco C\u00facuta | 3 Habitaciones con Balc\u00f3n<\/title>\n<meta name=\"description\" content=\"Apartamento en arriendo en Barrio Blanco, C\u00facuta. 3 habitaciones, balc\u00f3n, cocina integral y parqueadero. Cont\u00e1ctanos al 322 392 5122.\" \/>\n<meta name=\"robots\" content=\"index, follow, max-snippet:-1, max-image-preview:large, max-video-preview:-1\" \/>\n<link rel=\"canonical\" href=\"https:\/\/avinmobiliaria.com\/en\/propiedades\/apartamento-en-arriendo-barrio-blanco-cucuta-3-habitaciones-balcon-1501\/\" \/>\n<meta property=\"og:locale\" content=\"en_US\" \/>\n<meta property=\"og:type\" content=\"article\" \/>\n<meta property=\"og:title\" content=\"Apartamento en Arriendo en Barrio Blanco C\u00facuta | 3 Habitaciones con Balc\u00f3n\" \/>\n<meta property=\"og:description\" content=\"Apartamento en arriendo en Barrio Blanco, C\u00facuta. 3 habitaciones, balc\u00f3n, cocina integral y parqueadero. Cont\u00e1ctanos al 322 392 5122.\" \/>\n<meta property=\"og:url\" content=\"https:\/\/avinmobiliaria.com\/en\/propiedades\/apartamento-en-arriendo-barrio-blanco-cucuta-3-habitaciones-balcon-1501\/\" \/>\n<meta property=\"og:site_name\" content=\"AVI INMOBILIARIA\" \/>\n<meta property=\"og:image\" content=\"https:\/\/avinmobiliaria.com\/wp-content\/uploads\/2026\/04\/236.png\" \/>\n\t<meta property=\"og:image:width\" content=\"933\" \/>\n\t<meta property=\"og:image:height\" content=\"1200\" \/>\n\t<meta property=\"og:image:type\" content=\"image\/png\" \/>\n<meta name=\"twitter:card\" content=\"summary_large_image\" \/>\n<meta name=\"twitter:label1\" content=\"Est. reading time\" \/>\n\t<meta name=\"twitter:data1\" content=\"1 minute\" \/>\n<script type=\"application\/ld+json\" class=\"yoast-schema-graph\">{\"@context\":\"https:\/\/schema.org\",\"@graph\":[{\"@type\":\"WebPage\",\"@id\":\"https:\/\/avinmobiliaria.com\/propiedades\/apartamento-en-arriendo-barrio-blanco-cucuta-3-habitaciones-balcon-1501\/\",\"url\":\"https:\/\/avinmobiliaria.com\/propiedades\/apartamento-en-arriendo-barrio-blanco-cucuta-3-habitaciones-balcon-1501\/\",\"name\":\"Apartamento en Arriendo en Barrio Blanco C\u00facuta | 3 Habitaciones con Balc\u00f3n\",\"isPartOf\":{\"@id\":\"https:\/\/avinmobiliaria.com\/#website\"},\"primaryImageOfPage\":{\"@id\":\"https:\/\/avinmobiliaria.com\/propiedades\/apartamento-en-arriendo-barrio-blanco-cucuta-3-habitaciones-balcon-1501\/#primaryimage\"},\"image\":{\"@id\":\"https:\/\/avinmobiliaria.com\/propiedades\/apartamento-en-arriendo-barrio-blanco-cucuta-3-habitaciones-balcon-1501\/#primaryimage\"},\"thumbnailUrl\":\"https:\/\/avinmobiliaria.com\/wp-content\/uploads\/2026\/04\/236.png\",\"datePublished\":\"2026-04-29T21:19:27+00:00\",\"description\":\"Apartamento en arriendo en Barrio Blanco, C\u00facuta. 3 habitaciones, balc\u00f3n, cocina integral y parqueadero. Cont\u00e1ctanos al 322 392 5122.\",\"breadcrumb\":{\"@id\":\"https:\/\/avinmobiliaria.com\/propiedades\/apartamento-en-arriendo-barrio-blanco-cucuta-3-habitaciones-balcon-1501\/#breadcrumb\"},\"inLanguage\":\"en-US\",\"potentialAction\":[{\"@type\":\"ReadAction\",\"target\":[\"https:\/\/avinmobiliaria.com\/propiedades\/apartamento-en-arriendo-barrio-blanco-cucuta-3-habitaciones-balcon-1501\/\"]}]},{\"@type\":\"ImageObject\",\"inLanguage\":\"en-US\",\"@id\":\"https:\/\/avinmobiliaria.com\/propiedades\/apartamento-en-arriendo-barrio-blanco-cucuta-3-habitaciones-balcon-1501\/#primaryimage\",\"url\":\"https:\/\/avinmobiliaria.com\/wp-content\/uploads\/2026\/04\/236.png\",\"contentUrl\":\"https:\/\/avinmobiliaria.com\/wp-content\/uploads\/2026\/04\/236.png\",\"width\":933,\"height\":1200},{\"@type\":\"BreadcrumbList\",\"@id\":\"https:\/\/avinmobiliaria.com\/propiedades\/apartamento-en-arriendo-barrio-blanco-cucuta-3-habitaciones-balcon-1501\/#breadcrumb\",\"itemListElement\":[{\"@type\":\"ListItem\",\"position\":1,\"name\":\"Inicio\",\"item\":\"https:\/\/avinmobiliaria.com\/\"},{\"@type\":\"ListItem\",\"position\":2,\"name\":\"Propiedades\",\"item\":\"https:\/\/avinmobiliaria.com\/propiedades\/\"},{\"@type\":\"ListItem\",\"position\":3,\"name\":\"Apartamento en Arriendo \u2013 Barrio Blanco | COD 1501\"}]},{\"@type\":\"WebSite\",\"@id\":\"https:\/\/avinmobiliaria.com\/#website\",\"url\":\"https:\/\/avinmobiliaria.com\/\",\"name\":\"AVI INMOBILIARIA\",\"description\":\"\",\"publisher\":{\"@id\":\"https:\/\/avinmobiliaria.com\/#organization\"},\"potentialAction\":[{\"@type\":\"SearchAction\",\"target\":{\"@type\":\"EntryPoint\",\"urlTemplate\":\"https:\/\/avinmobiliaria.com\/?s={search_term_string}\"},\"query-input\":{\"@type\":\"PropertyValueSpecification\",\"valueRequired\":true,\"valueName\":\"search_term_string\"}}],\"inLanguage\":\"en-US\"},{\"@type\":\"Organization\",\"@id\":\"https:\/\/avinmobiliaria.com\/#organization\",\"name\":\"AVI INMOBILIARIA\",\"url\":\"https:\/\/avinmobiliaria.com\/\",\"logo\":{\"@type\":\"ImageObject\",\"inLanguage\":\"en-US\",\"@id\":\"https:\/\/avinmobiliaria.com\/#\/schema\/logo\/image\/\",\"url\":\"https:\/\/avinmobiliaria.com\/wp-content\/uploads\/2024\/04\/LOGO-CABECERASW.png\",\"contentUrl\":\"https:\/\/avinmobiliaria.com\/wp-content\/uploads\/2024\/04\/LOGO-CABECERASW.png\",\"width\":462,\"height\":214,\"caption\":\"AVI INMOBILIARIA\"},\"image\":{\"@id\":\"https:\/\/avinmobiliaria.com\/#\/schema\/logo\/image\/\"}}]}<\/script>\n<!-- \/ Yoast SEO plugin. -->","yoast_head_json":{"title":"Apartamento en Arriendo en Barrio Blanco C\u00facuta | 3 Habitaciones con Balc\u00f3n","description":"Apartamento en arriendo en Barrio Blanco, C\u00facuta. 3 habitaciones, balc\u00f3n, cocina integral y parqueadero. Cont\u00e1ctanos al 322 392 5122.","robots":{"index":"index","follow":"follow","max-snippet":"max-snippet:-1","max-image-preview":"max-image-preview:large","max-video-preview":"max-video-preview:-1"},"canonical":"https:\/\/avinmobiliaria.com\/en\/propiedades\/apartamento-en-arriendo-barrio-blanco-cucuta-3-habitaciones-balcon-1501\/","og_locale":"en_US","og_type":"article","og_title":"Apartamento en Arriendo en Barrio Blanco C\u00facuta | 3 Habitaciones con Balc\u00f3n","og_description":"Apartamento en arriendo en Barrio Blanco, C\u00facuta. 3 habitaciones, balc\u00f3n, cocina integral y parqueadero. Cont\u00e1ctanos al 322 392 5122.","og_url":"https:\/\/avinmobiliaria.com\/en\/propiedades\/apartamento-en-arriendo-barrio-blanco-cucuta-3-habitaciones-balcon-1501\/","og_site_name":"AVI INMOBILIARIA","og_image":[{"width":933,"height":1200,"url":"https:\/\/avinmobiliaria.com\/wp-content\/uploads\/2026\/04\/236.png","type":"image\/png"}],"twitter_card":"summary_large_image","twitter_misc":{"Est. reading time":"1 minute"},"schema":{"@context":"https:\/\/schema.org","@graph":[{"@type":"WebPage","@id":"https:\/\/avinmobiliaria.com\/propiedades\/apartamento-en-arriendo-barrio-blanco-cucuta-3-habitaciones-balcon-1501\/","url":"https:\/\/avinmobiliaria.com\/propiedades\/apartamento-en-arriendo-barrio-blanco-cucuta-3-habitaciones-balcon-1501\/","name":"Apartamento en Arriendo en Barrio Blanco C\u00facuta | 3 Habitaciones con Balc\u00f3n","isPartOf":{"@id":"https:\/\/avinmobiliaria.com\/#website"},"primaryImageOfPage":{"@id":"https:\/\/avinmobiliaria.com\/propiedades\/apartamento-en-arriendo-barrio-blanco-cucuta-3-habitaciones-balcon-1501\/#primaryimage"},"image":{"@id":"https:\/\/avinmobiliaria.com\/propiedades\/apartamento-en-arriendo-barrio-blanco-cucuta-3-habitaciones-balcon-1501\/#primaryimage"},"thumbnailUrl":"https:\/\/avinmobiliaria.com\/wp-content\/uploads\/2026\/04\/236.png","datePublished":"2026-04-29T21:19:27+00:00","description":"Apartamento en arriendo en Barrio Blanco, C\u00facuta. 3 habitaciones, balc\u00f3n, cocina integral y parqueadero. Cont\u00e1ctanos al 322 392 5122.","breadcrumb":{"@id":"https:\/\/avinmobiliaria.com\/propiedades\/apartamento-en-arriendo-barrio-blanco-cucuta-3-habitaciones-balcon-1501\/#breadcrumb"},"inLanguage":"en-US","potentialAction":[{"@type":"ReadAction","target":["https:\/\/avinmobiliaria.com\/propiedades\/apartamento-en-arriendo-barrio-blanco-cucuta-3-habitaciones-balcon-1501\/"]}]},{"@type":"ImageObject","inLanguage":"en-US","@id":"https:\/\/avinmobiliaria.com\/propiedades\/apartamento-en-arriendo-barrio-blanco-cucuta-3-habitaciones-balcon-1501\/#primaryimage","url":"https:\/\/avinmobiliaria.com\/wp-content\/uploads\/2026\/04\/236.png","contentUrl":"https:\/\/avinmobiliaria.com\/wp-content\/uploads\/2026\/04\/236.png","width":933,"height":1200},{"@type":"BreadcrumbList","@id":"https:\/\/avinmobiliaria.com\/propiedades\/apartamento-en-arriendo-barrio-blanco-cucuta-3-habitaciones-balcon-1501\/#breadcrumb","itemListElement":[{"@type":"ListItem","position":1,"name":"Inicio","item":"https:\/\/avinmobiliaria.com\/"},{"@type":"ListItem","position":2,"name":"Propiedades","item":"https:\/\/avinmobiliaria.com\/propiedades\/"},{"@type":"ListItem","position":3,"name":"Apartamento en Arriendo \u2013 Barrio Blanco | COD 1501"}]},{"@type":"WebSite","@id":"https:\/\/avinmobiliaria.com\/#website","url":"https:\/\/avinmobiliaria.com\/","name":"AVI INMOBILIARIA","description":"","publisher":{"@id":"https:\/\/avinmobiliaria.com\/#organization"},"potentialAction":[{"@type":"SearchAction","target":{"@type":"EntryPoint","urlTemplate":"https:\/\/avinmobiliaria.com\/?s={search_term_string}"},"query-input":{"@type":"PropertyValueSpecification","valueRequired":true,"valueName":"search_term_string"}}],"inLanguage":"en-US"},{"@type":"Organization","@id":"https:\/\/avinmobiliaria.com\/#organization","name":"AVI INMOBILIARIA","url":"https:\/\/avinmobiliaria.com\/","logo":{"@type":"ImageObject","inLanguage":"en-US","@id":"https:\/\/avinmobiliaria.com\/#\/schema\/logo\/image\/","url":"https:\/\/avinmobiliaria.com\/wp-content\/uploads\/2024\/04\/LOGO-CABECERASW.png","contentUrl":"https:\/\/avinmobiliaria.com\/wp-content\/uploads\/2024\/04\/LOGO-CABECERASW.png","width":462,"height":214,"caption":"AVI INMOBILIARIA"},"image":{"@id":"https:\/\/avinmobiliaria.com\/#\/schema\/logo\/image\/"}}]}},"_links":{"self":[{"href":"https:\/\/avinmobiliaria.com\/en\/wp-json\/wp\/v2\/estate_property\/26772","targetHints":{"allow":["GET"]}}],"collection":[{"href":"https:\/\/avinmobiliaria.com\/en\/wp-json\/wp\/v2\/estate_property"}],"about":[{"href":"https:\/\/avinmobiliaria.com\/en\/wp-json\/wp\/v2\/types\/estate_property"}],"replies":[{"embeddable":true,"href":"https:\/\/avinmobiliaria.com\/en\/wp-json\/wp\/v2\/comments?post=26772"}],"wp:featuredmedia":[{"embeddable":true,"href":"https:\/\/avinmobiliaria.com\/en\/wp-json\/wp\/v2\/media\/26773"}],"wp:attachment":[{"href":"https:\/\/avinmobiliaria.com\/en\/wp-json\/wp\/v2\/media?parent=26772"}],"wp:term":[{"taxonomy":"property_category","embeddable":true,"href":"https:\/\/avinmobiliaria.com\/en\/wp-json\/wp\/v2\/property_category?post=26772"},{"taxonomy":"property_action_category","embeddable":true,"href":"https:\/\/avinmobiliaria.com\/en\/wp-json\/wp\/v2\/property_action_category?post=26772"},{"taxonomy":"property_city","embeddable":true,"href":"https:\/\/avinmobiliaria.com\/en\/wp-json\/wp\/v2\/property_city?post=26772"},{"taxonomy":"property_area","embeddable":true,"href":"https:\/\/avinmobiliaria.com\/en\/wp-json\/wp\/v2\/property_area?post=26772"},{"taxonomy":"property_county_state","embeddable":true,"href":"https:\/\/avinmobiliaria.com\/en\/wp-json\/wp\/v2\/property_county_state?post=26772"},{"taxonomy":"property_features","embeddable":true,"href":"https:\/\/avinmobiliaria.com\/en\/wp-json\/wp\/v2\/property_features?post=26772"},{"taxonomy":"property_status","embeddable":true,"href":"https:\/\/avinmobiliaria.com\/en\/wp-json\/wp\/v2\/property_status?post=26772"}],"curies":[{"name":"wp","href":"https:\/\/api.w.org\/{rel}","templated":true}]}}